{"version":"1.0","provider_name":"A szobafest\u0151","provider_url":"https:\/\/aszobafesto.cafeblog.hu","author_name":"Admin","author_url":"https:\/\/aszobafesto.cafeblog.hu\/author\/jakuscsillagmail-com\/","title":"Szolg\u00e1ltat\u00e1saim","html":"30 \u00e9ves szakmai tapasztalattal, t\u00f6bb \u00e9ves k\u00fclf\u00f6ldi munkav\u00e9gz\u00e9s ut\u00e1n, ingyenes helysz\u00edni felm\u00e9r\u00e9s \u00e9s el\u0151zetes \u00e1raj\u00e1nlat alapj\u00e1n, v\u00e1llalom Budapesten \u00e9s Pest megy\u00e9ben csal\u00e1di h\u00e1zak,lak\u00e1sok, irod\u00e1k,\u00fczlethelyis\u00e9gek k\u00fcls\u0151 \u00e9s bels\u0151 fest\u00e9s\u00e9t, ajt\u00f3k ablakok m\u00e1zol\u00e1s\u00e1t, tap\u00e9t\u00e1z\u00e1st, radi\u00e1torok \u00e9s cs\u00f6vek fest\u00e9s\u00e9t.\r\n\r\nSzolg\u00e1ltat\u00e1saim:\r\n<ul>\r\n \t<li>Fel\u00fclet el\u0151k\u00e9sz\u00edt\u00e9s: glettel\u00e9s, csiszol\u00e1s, alapoz\u00e1s<\/li>\r\n \t<li>Tisztas\u00e1gi fest\u00e9s: egy sz\u00ednnel<\/li>\r\n \t<li>Fest\u00e9s: egy vagy t\u00f6bb sz\u00ednnel<\/li>\r\n \t<li>Tap\u00e9t\u00e1z\u00e1s<\/li>\r\n \t<li>Ny\u00edl\u00e1sz\u00e1r\u00f3k \u00e9s egy\u00e9b fel\u00fcletek csiszol\u00e1sa, laz\u00faroz\u00e1sa, m\u00e1zol\u00e1sa, lakkoz\u00e1sa<\/li>\r\n<\/ul>\r\nT\u00e1j\u00e9koztat\u00f3 \u00e1rakat az \u00c1rak men\u00fcpontban t\u00fcntettem fel. A pontos v\u00e1llal\u00e1si \u00e1rat mindig a helysz\u00edni felm\u00e9r\u00e9s ut\u00e1n tudom megadni. Ez az oldalon felt\u00fcntett \u00e1rakt\u00f3l felfele \u00e9s lefele is elt\u00e9rhet.\r\n\r\nK\u00e9rjen aj\u00e1nlatot. H\u00edv\u00e1s\u00e1t a +36 70 430 2922 telefonsz\u00e1mon v\u00e1rom.\r\n\r\n&nbsp;","type":"rich"}